{"id":10,"date":"2012-09-10T20:47:39","date_gmt":"2012-09-10T18:47:39","guid":{"rendered":"http:\/\/www.skimo.at\/sportler\/?page_id=10"},"modified":"2015-10-30T12:31:48","modified_gmt":"2015-10-30T10:31:48","slug":"partner-und-sponsoren-der-oesv-kader","status":"publish","type":"page","link":"https:\/\/www.skimo.at\/sportler\/partner-und-sponsoren-der-oesv-kader\/","title":{"rendered":"Partner und Sponsoren der \u00d6SV Kader"},"content":{"rendered":"<h1>Sponsoren\u00a0des \u00d6sterreichischen Nationalteams im Wettkampf-Skibergsteigen<\/h1>\n<p>&nbsp;<\/p>\n<p><strong><a href=\"http:\/\/www.adidas.de\/\"><img loading=\"lazy\" class=\" wp-image-435 alignleft\" src=\"http:\/\/www.skimo.at\/sportler\/files\/2012\/09\/adidas-150x95.png\" alt=\"\" width=\"150\" height=\"95\" \/><\/a>Wussten Sie, dass\u2026<\/strong><br \/>\ndie Huberbuam in <a href=\"http:\/\/www.adidas.de\/\" target=\"_blank\">adidas Outdoor<\/a> die Antarktis bezwangen?<\/p>\n<p>Die Leidenschaft f\u00fcr den Sport ist bei der adidas Gruppe immer schon der der Kern des Gesch\u00e4fts. Der adidas Konzern strebt danach, der weltweit f\u00fchrende Anbieter der Sportartikelindustrie zu sein \u2013 mit Sportmarken, die auf Leidenschaft f\u00fcr den Sport sowie sportlichem Lifestyle basieren.<\/p>\n<p>&nbsp;<\/p>\n<p><a href=\"http:\/\/eu.blackdiamondequipment.com\/de\/home\"><img loading=\"lazy\" class=\"size-thumbnail wp-image-1219 alignleft\" src=\"http:\/\/www.skimo.at\/sportler\/files\/2012\/09\/Black-Diamond-150x95.jpg\" alt=\"Black Diamond\" width=\"150\" height=\"95\" \/><\/a><\/p>\n<p><strong>Einsatz. Design. Entwicklung. Herstellung. Zur\u00fcck auf Start.<\/strong><\/p>\n<p>Dieser unendliche Prozess ist unser Lebenselixier bei <a href=\"http:\/\/eu.blackdiamondequipment.com\/de\/home\" target=\"_blank\">Black Diamond<\/a>. Wir gehen mit derselben Leidenschaft an die Entwicklung von Ausr\u00fcstung heran, wie wir f\u00fcr den Sport empfinden, bei dem diese Ausr\u00fcstung zum Einsatz kommt.<br \/>\nWir vertrauen unserer Ausr\u00fcstung, weil wir unsere Ausr\u00fcstung verwenden.<\/p>\n<p>&nbsp;<\/p>\n<p><strong><a href=\"http:\/\/buff.eu\/de\/AUT\/home\"><img loading=\"lazy\" class=\"size-thumbnail wp-image-437 alignleft\" src=\"http:\/\/www.skimo.at\/sportler\/files\/2012\/09\/buff-150x95.png\" alt=\"\" width=\"150\" height=\"95\" \/><\/a><a href=\"http:\/\/buff.eu\/de\/AUT\/home\" target=\"_blank\">Buff\u00ae<\/a><\/strong> ist die Marke f\u00fcr ein innovatives multifunktionales Textilst\u00fcck, das vor Sonne, Wind und K\u00e4lte sch\u00fctzt.<\/p>\n<p><strong>Original,<\/strong> da es weltweit die erste Marke war und immer noch ist, die die nahtlose, Vielzweck-Schlauch-Kopfbekleidung erfand.<br \/>\n<strong>Funktional,<\/strong> da es auf unterschiedlichste Weise getragen werden kann.<br \/>\n<strong>Nahtlos,<\/strong> was es elastisch macht und erlaubt, es vielfach anzuwenden, ohne Scheuern oder Hautreizungen.<\/p>\n<p>&nbsp;<\/p>\n<p><strong><a href=\"http:\/\/www.kochalpin.at\/index.php\"><img loading=\"lazy\" class=\"size-thumbnail wp-image-438 alignleft\" src=\"http:\/\/www.skimo.at\/sportler\/files\/2012\/09\/contour-150x95.png\" alt=\"\" width=\"150\" height=\"95\" \/><\/a>Steigfelle mit langer Tradition<\/strong><\/p>\n<p>Die Marke\u00a0<a href=\"http:\/\/www.kochalpin.at\/index.php\" target=\"_blank\">contour<\/a>\u00a0vereint mehr als 40 Jahre Erfahrung in der Entwicklung und Produktion von Steigfellen. contour Tourenfelle zeigen ihre St\u00e4rken sowohl im alpinen Einsatz, im Wettkampf als auch am Pistenrand.\u00a0Das Bekenntnis zu \u201eMade in Austria\u201c ist wesentlicher Bestandteil unserer Philosophie. Der Produktionsstandort Tirol sichert nicht nur eine konstant hohe Produktqualit\u00e4t, sondern l\u00e4sst uns auch auf neue Anforderungen rasch reagieren.<strong>\u00a0contour &#8211; aus dem Herz der Alpen auf die Berge der Welt.<\/strong><\/p>\n<p>&nbsp;<\/p>\n<p><strong><a href=\"http:\/\/www.lenzing.com\/fasern\/tencel.html\"><img loading=\"lazy\" class=\"size-thumbnail wp-image-442 alignleft\" src=\"http:\/\/www.skimo.at\/sportler\/files\/2012\/09\/Tencel-Logo-150x95.jpg\" alt=\"\" width=\"150\" height=\"95\" \/><\/a>Wasser ist das Element des Lebens.<\/strong><\/p>\n<p><a href=\"http:\/\/www.lenzing.com\/fasern\/tencel.html\" target=\"_blank\">TENCEL\u00ae<\/a> geht perfekt damit um. Auf ganz nat\u00fcrliche Art nimmt TENCEL\u00ae \u00fcbersch\u00fcssige Feuchtigkeit auf und gibt diese rasch wieder an die Umwelt ab. In diesem perfekten Zusammenspiel liegt die wahre Natur von TENCEL\u00ae.<br \/>\nWenn das nicht der Beginn eines neuen Zeitalters ist &#8211; was dann?<br \/>\nTENCEL\u00ae &#8211; ein Produkt aus Ober\u00f6sterreich von der Lenzing AG.<\/p>\n<p>&nbsp;<\/p>\n<p><strong><a href=\"http:\/\/www.nikwax.de\/de-de\/\"><img loading=\"lazy\" class=\"size-thumbnail wp-image-443 alignleft\" src=\"http:\/\/www.skimo.at\/sportler\/files\/2012\/09\/Nikwax-Logo-150x95.jpg\" alt=\"\" width=\"150\" height=\"95\" \/><\/a>Easier, Safer, Drier &#8211; <\/strong><a href=\"http:\/\/www.nikwax.de\/de-de\/\" target=\"_blank\">Nikwax Waterproofing<\/a><\/p>\n<p>Egal ob bei der Arbeit oder in der Freizeit, Nikwax sorgt daf\u00fcr, dass man bei nassem Wetter trocken bleibt und sich draussen wohl f\u00fchlt.<br \/>\nNikwax reinigt, impr\u00e4gniert und erh\u00e4lt die Atmungsaktivit\u00e4t f\u00fcr alle Outdoorbekleidung, Schuhe und Ausr\u00fcstung. Gro\u00dfer Effekt, aber eine einfache und sichere Anwendung.<\/p>\n<p>&nbsp;<\/p>\n<p><a href=\"http:\/\/www.orthomol.com\/at\/desktopdefault.aspx\"><img loading=\"lazy\" class=\"size-thumbnail wp-image-432 alignleft\" src=\"http:\/\/www.skimo.at\/sportler\/files\/2012\/09\/Orthomol-Logo-150x95.jpg\" alt=\"\" width=\"150\" height=\"95\" \/><\/a><strong>Die Idee f\u00fcr mehr Gesundheit<\/strong><\/p>\n<p>F\u00fcr die Gesunderhaltung unseres K\u00f6rpers spielt die ausreichende Versorgung mit Mikron\u00e4hrstoffen eine wichtige Rolle. Die Orthomolekulare Ern\u00e4hrungsmedizin kann durch die optimale Zufuhr essenzieller Mikron\u00e4hrstoffe\u00a0den Gesundheitszustand positiv beeinflussen.<strong><br \/>\n<\/strong> <a href=\"http:\/\/www.orthomol.com\/at\/desktopdefault.aspx\" target=\"_blank\">Orthomol<\/a> sorgt dadurch im Nationalteam f\u00fcr beste Leistungsbereitschaft.<\/p>\n<p>&nbsp;<\/p>\n<p><strong><br \/>\n<a href=\"http:\/\/www.pieps.com\"><img loading=\"lazy\" class=\"alignleft wp-image-3581 size-full\" src=\"http:\/\/www.skimo.at\/sportler\/files\/2012\/09\/Pieps_Sponsor_1.jpg\" alt=\"Pieps_Sponsor_1\" width=\"180\" height=\"95\" srcset=\"https:\/\/www.skimo.at\/sportler\/files\/2012\/09\/Pieps_Sponsor_1.jpg 180w, https:\/\/www.skimo.at\/sportler\/files\/2012\/09\/Pieps_Sponsor_1-176x93.jpg 176w\" sizes=\"(max-width: 180px) 100vw, 180px\" \/><\/a>Im Ernstfall z\u00e4hlt nur eines: Bedingungslose Praxistauglichkeit!<\/strong><\/p>\n<p>Um dem gerecht zu werden, z\u00e4hlt <a href=\"http:\/\/www.pieps.com\/\" target=\"_blank\">PIEPS<\/a> bei der Produktentwicklung seiner LVS Ger\u00e4te auf die Zusammenarbeit mit Profis von Bergf\u00fchrern, Bergrettern, Skilehrern und Wissenschaftern! Dieses KnowHow und mehr als 30 Jahre Erfahrung sind der Garant f\u00fcr die Qualit\u00e4t unserer PREMIUM ALPINE PERFORMANCE Produkte!<\/p>\n<p>&nbsp;<\/p>\n<p>&nbsp;<\/p>\n<p>&nbsp;<\/p>\n<h1>Mediapartner des \u00d6sterreichischen Nationalteams im Skibergsteigen<\/h1>\n<p>&nbsp;<\/p>\n<h3>Produktgruppe Ski<\/h3>\n<p>&nbsp;<\/p>\n<h3>Produktgruppe Skischuhe<\/h3>\n<p>&nbsp;<\/p>\n<h3>Produktgruppe Bindung<\/h3>\n<p><a href=\"http:\/\/www.epmsports.at\/front_content.php?idcat=108\"><img loading=\"lazy\" src=\"http:\/\/www.skimo.at\/sportler\/files\/2012\/09\/ATK-Race-150x95.jpg\" alt=\"ATK Race\" width=\"105\" height=\"67\" \/><\/a><\/p>\n<p>&nbsp;<\/p>\n<h3>Produktgruppe Helm<\/h3>\n<p><a href=\"http:\/\/blackdiamondequipment.com\/\"><img loading=\"lazy\" class=\"wp-image-1219 alignnone\" src=\"http:\/\/www.skimo.at\/sportler\/files\/2012\/09\/Black-Diamond-150x95.jpg\" alt=\"Black Diamond\" width=\"105\" height=\"67\" \/><\/a><\/p>\n<p>&nbsp;<\/p>\n<h3>Produktgruppe Rucksack<\/h3>\n<p><a href=\"http:\/\/www.skimo.at\/sportler\/files\/2012\/09\/Pieps_Sponsor_1.jpg\"><img loading=\"lazy\" class=\"alignnone  wp-image-3581\" src=\"http:\/\/www.skimo.at\/sportler\/files\/2012\/09\/Pieps_Sponsor_1.jpg\" alt=\"Pieps_Sponsor_1\" width=\"125\" height=\"66\" srcset=\"https:\/\/www.skimo.at\/sportler\/files\/2012\/09\/Pieps_Sponsor_1.jpg 180w, https:\/\/www.skimo.at\/sportler\/files\/2012\/09\/Pieps_Sponsor_1-176x93.jpg 176w\" sizes=\"(max-width: 125px) 100vw, 125px\" \/><\/a><\/p>\n<p>&nbsp;<\/p>\n<h3>Produktgruppe St\u00f6cke<\/h3>\n<p><a href=\"http:\/\/blackdiamondequipment.com\/\"><img loading=\"lazy\" class=\"alignnone  wp-image-1219\" src=\"http:\/\/www.skimo.at\/sportler\/files\/2012\/09\/Black-Diamond-150x95.jpg\" alt=\"Black Diamond\" width=\"105\" height=\"67\" \/><\/a><\/p>\n<p>&nbsp;<\/p>\n<h3>Produktgruppe Stirnlampe<\/h3>\n<p>&nbsp;<\/p>\n<h3>Produktgruppe Klettergurt, Klettersteigset, Steigeisen<\/h3>\n<p><a href=\"http:\/\/blackdiamondequipment.com\/\"><img loading=\"lazy\" class=\"alignnone  wp-image-1219\" src=\"http:\/\/www.skimo.at\/sportler\/files\/2012\/09\/Black-Diamond-150x95.jpg\" alt=\"Black Diamond\" width=\"105\" height=\"67\" \/><\/a><\/p>\n<p>&nbsp;<\/p>\n<h1>Einkaufsspartner des \u00d6sterreichischen Nationalteams im Skibergsteigen<\/h1>\n<p>ATOMIC Tourenski: <a href=\"http:\/\/www.atomic.com\/\">http:\/\/www.atomic.com<\/a><\/p>\n<p>BLIZZARD Tourenski: <a href=\"http:\/\/eu.blizzard.com\">http:\/\/eu.blizzard.com<\/a><\/p>\n<p>CAMP 4 BERGSPORT:\u00a0<a href=\"http:\/\/www.camp-4.at\/\">http:\/\/www.camp-4.at\/<\/a><\/p>\n<p>CEP Sportswear:\u00a0<a href=\"http:\/\/www.cepsports.com\/\">http:\/\/www.cepsports.com\/<\/a><\/p>\n<p>COLLTEX Steigfelle:\u00a0<a href=\"http:\/\/www.colltex.ch\/\">http:\/\/www.colltex.ch\/<\/a><\/p>\n<p>COLUMBIA:\u00a0<a href=\"http:\/\/www.columbiasportswear.at\/\">http:\/\/www.columbiasportswear.at\/<\/a><\/p>\n<p>DEXTRO ENERGY: <a href=\"http:\/\/www.dextro-energy.de\">http:\/\/www.dextro-energy.de<\/a><\/p>\n<p>DYNAFIT: <a href=\"http:\/\/www.dynafit.com\">http:\/\/www.dynafit.com<\/a><\/p>\n<p>FISCHER Tourenski:\u00a0<a href=\"http:\/\/www.fischersports.com\">http:\/\/www.fischersports.com<\/a><\/p>\n<p>FRITSCHI Bindungen: <a href=\"http:\/\/www.diamir.com\">http:\/\/www.diamir.com<\/a><\/p>\n<p>HAGAN Tourenski: <a href=\"http:\/\/www.hagan-ski.com\">http:\/\/www.hagan-ski.com<\/a><\/p>\n<p>HAGL\u00d6FS:\u00a0<a href=\"http:\/\/www.haglofs.com\/\">http:\/\/www.haglofs.com\/<\/a><\/p>\n<p>ICEBUG Schuhe: <a href=\"http:\/\/www.icebug.se\">http:\/\/www.icebug.se<\/a><\/p>\n<p>K2 Tourenski: <a href=\"http:\/\/k2skis.com\">http:\/\/k2skis.com<\/a><\/p>\n<p>L\u00d6FFLER: <a href=\"http:\/\/www.loeffler.at\">http:\/\/www.loeffler.at<\/a><\/p>\n<p>PETZL: <a href=\"http:\/\/www.petzl.com\">http:\/\/www.petzl.com<\/a><\/p>\n<p>POMOCA Steigfelle: <a href=\"http:\/\/www.pomoca.com\/de\/\">http:\/\/www.pomoca.com\/de\/<\/a><\/p>\n<p>RIAP SPORT Sporth\u00e4ndler: <a href=\"http:\/\/www.riapsport.de\">http:\/\/www.riapsport.de<\/a><\/p>\n<p>SCARPA Schuhe: <a href=\"http:\/\/www.scarpa.com\/\">http:\/\/www.scarpa.com<\/a><\/p>\n<p>SILVA Stirnlampen: <a href=\"http:\/\/silva.se\/de\">http:\/\/silva.se\/de<\/a><\/p>\n<p>SKITRAB Tourenski: <a href=\"http:\/\/skitrab.com\">http:\/\/skitrab.com<\/a><\/p>\n<p>SMARTWOOL Unterw\u00e4sche: <a href=\"http:\/\/www.smartwool.com\">http:\/\/www.smartwool.com<\/a><\/p>\n<p>START Skiwachs:\u00a0<a href=\"http:\/\/www.start-box.at\/start\/\">http:\/\/www.start-box.at\/start\/<\/a><\/p>\n<p>SUUNTO Uhren: <a href=\"http:\/\/www.suunto.de\">http:\/\/www.suunto.de<\/a><\/p>\n<p>VOLA Skiwachs:\u00a0<a href=\"https:\/\/www.vola.fr\/de\/sports\/\">https:\/\/www.vola.fr\/de\/sports\/<\/a><\/p>\n<p>VONZIPPER :\u00a0<a href=\"http:\/\/us.vonzipper.com\/\">http:\/\/us.vonzipper.com\/<\/a><\/p>\n","protected":false},"excerpt":{"rendered":"<p>Sponsoren\u00a0des \u00d6sterreichischen Nationalteams im Wettkampf-Skibergsteigen &nbsp; Wussten Sie, dass\u2026 die Huberbuam in adidas Outdoor die Antarktis bezwangen? Die Leidenschaft f\u00fcr den Sport ist bei der adidas Gruppe immer schon der der Kern des Gesch\u00e4fts. Der adidas Konzern strebt danach, der weltweit f\u00fchrende Anbieter der Sportartikelindustrie zu sein \u2013 mit Sportmarken, die auf Leidenschaft f\u00fcr den [&hellip;]<\/p>\n","protected":false},"author":2,"featured_media":0,"parent":0,"menu_order":0,"comment_status":"closed","ping_status":"closed","template":"page-no-images.php","meta":[],"yoast_head":"<!-- This site is optimized with the Yoast SEO plugin v16.3 - https:\/\/yoast.com\/wordpress\/plugins\/seo\/ -->\n<title>Partner und Sponsoren der \u00d6SV Kader - Sportler<\/title>\n<meta name=\"robots\" content=\"index, follow, max-snippet:-1, max-image-preview:large, max-video-preview:-1\" \/>\n<link rel=\"canonical\" href=\"https:\/\/skimo.73.jarolim.eu\/sportler\/partner-und-sponsoren-der-oesv-kader\/\" \/>\n<meta property=\"og:locale\" content=\"de_DE\" \/>\n<meta property=\"og:type\" content=\"article\" \/>\n<meta property=\"og:title\" content=\"Partner und Sponsoren der \u00d6SV Kader - Sportler\" \/>\n<meta property=\"og:description\" content=\"Sponsoren\u00a0des \u00d6sterreichischen Nationalteams im Wettkampf-Skibergsteigen &nbsp; Wussten Sie, dass\u2026 die Huberbuam in adidas Outdoor die Antarktis bezwangen? Die Leidenschaft f\u00fcr den Sport ist bei der adidas Gruppe immer schon der der Kern des Gesch\u00e4fts. Der adidas Konzern strebt danach, der weltweit f\u00fchrende Anbieter der Sportartikelindustrie zu sein \u2013 mit Sportmarken, die auf Leidenschaft f\u00fcr den [&hellip;]\" \/>\n<meta property=\"og:url\" content=\"https:\/\/skimo.73.jarolim.eu\/sportler\/partner-und-sponsoren-der-oesv-kader\/\" \/>\n<meta property=\"og:site_name\" content=\"Sportler\" \/>\n<meta property=\"article:modified_time\" content=\"2015-10-30T10:31:48+00:00\" \/>\n<meta property=\"og:image\" content=\"http:\/\/skimo.73.jarolim.eu\/sportler\/files\/2012\/09\/adidas-150x95.png\" \/>\n<meta name=\"twitter:card\" content=\"summary\" \/>\n<meta name=\"twitter:label1\" content=\"Gesch\u00e4tzte Lesezeit\">\n\t<meta name=\"twitter:data1\" content=\"3\u00a0Minuten\">\n<script type=\"application\/ld+json\" class=\"yoast-schema-graph\">{\"@context\":\"https:\/\/schema.org\",\"@graph\":[{\"@type\":\"WebSite\",\"@id\":\"https:\/\/skimo.73.jarolim.eu\/sportler\/#website\",\"url\":\"https:\/\/skimo.73.jarolim.eu\/sportler\/\",\"name\":\"Sportler\",\"description\":\"\",\"potentialAction\":[{\"@type\":\"SearchAction\",\"target\":\"https:\/\/skimo.73.jarolim.eu\/sportler\/?s={search_term_string}\",\"query-input\":\"required name=search_term_string\"}],\"inLanguage\":\"de\"},{\"@type\":\"ImageObject\",\"@id\":\"https:\/\/skimo.73.jarolim.eu\/sportler\/partner-und-sponsoren-der-oesv-kader\/#primaryimage\",\"inLanguage\":\"de\",\"url\":\"http:\/\/www.skimo.at\/sportler\/files\/2012\/09\/adidas-150x95.png\",\"contentUrl\":\"http:\/\/www.skimo.at\/sportler\/files\/2012\/09\/adidas-150x95.png\"},{\"@type\":\"WebPage\",\"@id\":\"https:\/\/skimo.73.jarolim.eu\/sportler\/partner-und-sponsoren-der-oesv-kader\/#webpage\",\"url\":\"https:\/\/skimo.73.jarolim.eu\/sportler\/partner-und-sponsoren-der-oesv-kader\/\",\"name\":\"Partner und Sponsoren der \\u00d6SV Kader - Sportler\",\"isPartOf\":{\"@id\":\"https:\/\/skimo.73.jarolim.eu\/sportler\/#website\"},\"primaryImageOfPage\":{\"@id\":\"https:\/\/skimo.73.jarolim.eu\/sportler\/partner-und-sponsoren-der-oesv-kader\/#primaryimage\"},\"datePublished\":\"2012-09-10T18:47:39+00:00\",\"dateModified\":\"2015-10-30T10:31:48+00:00\",\"breadcrumb\":{\"@id\":\"https:\/\/skimo.73.jarolim.eu\/sportler\/partner-und-sponsoren-der-oesv-kader\/#breadcrumb\"},\"inLanguage\":\"de\",\"potentialAction\":[{\"@type\":\"ReadAction\",\"target\":[\"https:\/\/skimo.73.jarolim.eu\/sportler\/partner-und-sponsoren-der-oesv-kader\/\"]}]},{\"@type\":\"BreadcrumbList\",\"@id\":\"https:\/\/skimo.73.jarolim.eu\/sportler\/partner-und-sponsoren-der-oesv-kader\/#breadcrumb\",\"itemListElement\":[{\"@type\":\"ListItem\",\"position\":1,\"item\":{\"@type\":\"WebPage\",\"@id\":\"https:\/\/skimo.73.jarolim.eu\/sportler\/\",\"url\":\"https:\/\/skimo.73.jarolim.eu\/sportler\/\",\"name\":\"Home\"}},{\"@type\":\"ListItem\",\"position\":2,\"item\":{\"@id\":\"https:\/\/skimo.73.jarolim.eu\/sportler\/partner-und-sponsoren-der-oesv-kader\/#webpage\"}}]}]}<\/script>\n<!-- \/ Yoast SEO plugin. -->","_links":{"self":[{"href":"https:\/\/www.skimo.at\/sportler\/wp-json\/wp\/v2\/pages\/10"}],"collection":[{"href":"https:\/\/www.skimo.at\/sportler\/wp-json\/wp\/v2\/pages"}],"about":[{"href":"https:\/\/www.skimo.at\/sportler\/wp-json\/wp\/v2\/types\/page"}],"author":[{"embeddable":true,"href":"https:\/\/www.skimo.at\/sportler\/wp-json\/wp\/v2\/users\/2"}],"replies":[{"embeddable":true,"href":"https:\/\/www.skimo.at\/sportler\/wp-json\/wp\/v2\/comments?post=10"}],"version-history":[{"count":55,"href":"https:\/\/www.skimo.at\/sportler\/wp-json\/wp\/v2\/pages\/10\/revisions"}],"predecessor-version":[{"id":3888,"href":"https:\/\/www.skimo.at\/sportler\/wp-json\/wp\/v2\/pages\/10\/revisions\/3888"}],"wp:attachment":[{"href":"https:\/\/www.skimo.at\/sportler\/wp-json\/wp\/v2\/media?parent=10"}],"curies":[{"name":"wp","href":"https:\/\/api.w.org\/{rel}","templated":true}]}}