{"version":"1.0","provider_name":"Sportler","provider_url":"https:\/\/www.skimo.at\/sportler","author_name":"kposch","author_url":"https:\/\/www.skimo.at\/sportler\/author\/kposch\/","title":"Bildbericht: Er\u00f6ffnungsfeier bei der EM - Sportler","type":"rich","width":600,"height":338,"html":"<blockquote class=\"wp-embedded-content\"><a href=\"https:\/\/www.skimo.at\/sportler\/4731\/zwischenbericht-eroeffnungsfeier-bei-der-em\/\">Bildbericht: Er\u00f6ffnungsfeier bei der EM<\/a><\/blockquote>\n<script type='text\/javascript'>\n<!--\/\/--><![CDATA[\/\/><!--\n\t\t\/*! This file is auto-generated *\/\n\t\t!function(d,l){\"use strict\";var e=!1,n=!1;if(l.querySelector)if(d.addEventListener)e=!0;if(d.wp=d.wp||{},!d.wp.receiveEmbedMessage)if(d.wp.receiveEmbedMessage=function(e){var t=e.data;if(t)if(t.secret||t.message||t.value)if(!\/[^a-zA-Z0-9]\/.test(t.secret)){for(var r,i,a,s=l.querySelectorAll('iframe[data-secret=\"'+t.secret+'\"]'),n=l.querySelectorAll('blockquote[data-secret=\"'+t.secret+'\"]'),o=new RegExp(\"^https?:$\",\"i\"),c=0;c<n.length;c++)n[c].style.display=\"none\";for(c=0;c<s.length;c++)if(r=s[c],e.source===r.contentWindow){if(r.removeAttribute(\"style\"),\"height\"===t.message){if(1e3<(a=parseInt(t.value,10)))a=1e3;else if(~~a<200)a=200;r.height=a}if(\"link\"===t.message)if(i=l.createElement(\"a\"),a=l.createElement(\"a\"),i.href=r.getAttribute(\"src\"),a.href=t.value,o.test(a.protocol))if(a.host===i.host)if(l.activeElement===r)d.top.location.href=t.value}}},e)d.addEventListener(\"message\",d.wp.receiveEmbedMessage,!1),l.addEventListener(\"DOMContentLoaded\",t,!1),d.addEventListener(\"load\",t,!1);function t(){if(!n){n=!0;for(var e,t,r=-1!==navigator.appVersion.indexOf(\"MSIE 10\"),i=!!navigator.userAgent.match(\/Trident.*rv:11\\.\/),a=l.querySelectorAll(\"iframe.wp-embedded-content\"),s=0;s<a.length;s++){if(!(e=a[s]).getAttribute(\"data-secret\"))t=Math.random().toString(36).substr(2,10),e.src+=\"#?secret=\"+t,e.setAttribute(\"data-secret\",t);if(r||i)(t=e.cloneNode(!0)).removeAttribute(\"security\"),e.parentNode.replaceChild(t,e)}}}}(window,document);\n\/\/--><!]]>\n<\/script><iframe sandbox=\"allow-scripts\" security=\"restricted\" src=\"https:\/\/www.skimo.at\/sportler\/4731\/zwischenbericht-eroeffnungsfeier-bei-der-em\/embed\/\" width=\"600\" height=\"338\" title=\"&#8222;Bildbericht: Er\u00f6ffnungsfeier bei der EM&#8220; &#8211; Sportler\" frameborder=\"0\" marginwidth=\"0\" marginheight=\"0\" scrolling=\"no\" class=\"wp-embedded-content\"><\/iframe>","thumbnail_url":"https:\/\/skimo.73.jarolim.eu\/sportler\/files\/2016\/02\/WC-Salvan-Les-Marecottes-2016_-20-_Eroeffnung-Foto_Willi-Seebacher-LR.jpg","thumbnail_width":1772,"thumbnail_height":1181,"description":"Lustig war&#8217;s heute bei der Er\u00f6ffnungsfeier der WM der Skibergsteiger! Die besten Skibergsteiger \u00d6sterreichs zogen im Schneefall mit knapp 200 Athleten aus 24 Nationen (manche wegen des Vertical-Weltcupbewerbs am Samstag da) durch das Dorf Salvan. In der Stadthalle gabs dann eine fr\u00f6hliche Er\u00f6ffnungsfeier mit Blasmusik und Wein. Stolz k\u00f6nnen wir sein auf unsere Sporter, super [&hellip;]"}